{"id":4687752,"date":"2025-10-17T10:28:36","date_gmt":"2025-10-17T10:28:36","guid":{"rendered":"https:\/\/antonquilesinmobiliaria.com\/w6\/antonquiles\/inmueble\/venta\/atico-duplex\/alicante\/guardamar-del-segura\/p2462\/"},"modified":"2025-10-17T10:28:36","modified_gmt":"2025-10-17T10:28:36","slug":"excelente-atico-duplex-a-la-venta-en-ciudad-quesada-p2462-de","status":"publish","type":"property","link":"https:\/\/antonquilesinmobiliaria.com\/de\/property\/excelente-atico-duplex-a-la-venta-en-ciudad-quesada-p2462-de\/","title":{"rendered":"Excelente \u00e1tico d\u00faplex a la venta en Ciudad Quesada. &#8211; p2462"},"content":{"rendered":"","protected":false},"excerpt":{"rendered":"","protected":false},"author":2,"featured_media":4687755,"parent":0,"menu_order":0,"template":"","property_type":[248],"property_status":[75],"property_feature":[93,90,163,84,96,99,81,102],"property_label":[265],"property_country":[],"property_state":[104],"property_city":[197],"property_area":[334],"class_list":["post-4687752","property","type-property","status-publish","has-post-thumbnail","hentry","property_type-duplex-penthuser","property_status-verkauf","property_feature-elektrogerte","property_feature-garten","property_feature-komplett-auenliegend","property_feature-pool","property_feature-sicherheitstur","property_feature-solarium","property_feature-terrasse","property_feature-wohnanlage","property_state-alicante","property_city-guardamar-del-segura","property_area-urbanizaciones"],"property_meta":{"fave_agent":["4673329"],"fave_agents":["4673329"],"fave_agent_display_option":["agent_info"],"property_agent":["19179"],"custom_permalink":["inmueble\/venta\/atico-duplex\/alicante\/guardamar-del-segura\/p2462\/"],"_thumbnail_id":["4687755"],"post_id":["Array"],"original_author":["2"],"_edit_lock":["1604137107:1"],"_edit_last":["1"],"fave_property_map_street_view":["show"],"fave_payment_status":["not_paid"],"fave_single_top_area":["global"],"fave_single_content_area":["global"],"houzez_manual_expire":["0"],"fave_property_size_prefix":["m&sup2;"],"fave_property_map":["1"],"fave_additional_features_enable":["disable"],"fave_floor_plans_enable":["disable"],"fave_multiunit_plans_enable":["disable"],"fave_prop_homeslider":["no"],"fave_featured":["0"],"fave_property_address":["Guardamar del Segura,Alicante"],"fave_property_zip":["03170"],"houzez_geolocation_lat":["38.071447598625"],"houzez_geolocation_long":["-0.68700143529639"],"fave_property_location":["38.071447598625,-0.68700143529639"],"fave_property_country":["ES"],"fave_property_map_address":["Guardamar del Segura,Alicante,Spain"],"fave_comunidadimporte":["0"],"fave_comunidadincluida":["0"],"fave_conservacion":["Nuevo"],"fave_orientacion":["Sur"],"fave_carpinteriainterior":["Lacado Blanco"],"fave_carpinteriaexterior":["Aluminio Rotura Puente T\u00e9rmico"],"fave_tiposuelo":[""],"fave_vistas":[""],"additional_features":["a:5:{i:0;a:2:{s:29:\"fave_additional_feature_title\";s:12:\"Carpinter\u00eda\";s:29:\"fave_additional_feature_value\";s:13:\"Lacado Blanco\";}i:1;a:2:{s:29:\"fave_additional_feature_title\";s:21:\"Carpinter\u00eda exterior\";s:29:\"fave_additional_feature_value\";s:31:\"Aluminio Rotura Puente T\u00e9rmico\";}i:2;a:2:{s:29:\"fave_additional_feature_title\";s:6:\"Estado\";s:29:\"fave_additional_feature_value\";s:5:\"Nuevo\";}i:3;a:2:{s:29:\"fave_additional_feature_title\";s:6:\"Vistas\";s:29:\"fave_additional_feature_value\";s:0:\"\";}i:4;a:2:{s:29:\"fave_additional_feature_title\";s:11:\"Orientacion\";s:29:\"fave_additional_feature_value\";s:3:\"Sur\";}}"],"referencia":["p2462"],"fave_property_id":["p2462"],"fave_property_bedrooms":["2"],"fave_property_bathrooms":["2"],"fave_property_garage":[""],"fave_property_land":["86"],"ave_property_land_postfix":["m&sup2;"],"fave_property_size":["74"],"fave_property_year":["2027"],"fave_energy_global_index":["0 kWh\/m&sup2; \/0 Kg CO2\/m&sup2;"],"fave_energy_class":["B"],"estate_attr_energy_class":["B"],"REAL_HOMES_property_emisiones":["0"],"REAL_HOMES_property_consumo":["0"],"REAL_HOMES_property_letra":["B"],"estate_video":[""],"fave_virtual_tour":[""],"vendidoInmueble":[""],"fave_property_price":["324000"],"fave_property_price_postfix":[""],"fave_property_images":["4687755","4687756","4687757","4687758","4687759","4687760","4687761","4687762","4687763","4687764","4687765","4687766","4687767","4687768","4687769","4687770","4687771","4687772","4687773","4687774","4687775","4687776","4687777","4687778","4687779","4687780","4687781","4687782","4687783","4687784","4687785","4687786","4687787","4687788","4687789","4687790","4687791","4687792","4687793","4687794","4687795","4687796","4687797","4687798","4687799"],"houzez_total_property_views":["2"],"houzez_views_by_date":["a:1:{s:10:\"05-01-2026\";i:2;}"],"houzez_recently_viewed":["2026-05-01 07:20:20"],"_elementor_page_assets":["a:0:{}"]},"yoast_head":"<!-- This site is optimized with the Yoast SEO plugin v27.4 - https:\/\/yoast.com\/product\/yoast-seo-wordpress\/ -->\n<title>Excelente \u00e1tico d\u00faplex a la venta en Ciudad Quesada. - p2462 - Ant\u00f3n Quiles Inmobiliaria - Servicios Inmobiliarios<\/title>\n<meta name=\"robots\" content=\"index, follow, max-snippet:-1, max-image-preview:large, max-video-preview:-1\" \/>\n<link rel=\"canonical\" href=\"https:\/\/antonquilesinmobiliaria.com\/property\/excelente-atico-duplex-a-la-venta-en-ciudad-quesada-p2462\/\" \/>\n<meta property=\"og:locale\" content=\"de_DE\" \/>\n<meta property=\"og:type\" content=\"article\" \/>\n<meta property=\"og:title\" content=\"Excelente \u00e1tico d\u00faplex a la venta en Ciudad Quesada. - p2462 - Ant\u00f3n Quiles Inmobiliaria - Servicios Inmobiliarios\" \/>\n<meta property=\"og:url\" content=\"https:\/\/antonquilesinmobiliaria.com\/property\/excelente-atico-duplex-a-la-venta-en-ciudad-quesada-p2462\/\" \/>\n<meta property=\"og:site_name\" content=\"Ant\u00f3n Quiles Inmobiliaria - Servicios Inmobiliarios\" \/>\n<meta property=\"article:publisher\" content=\"https:\/\/www.facebook.com\/antonquilesinmobiliaria\/\" \/>\n<meta property=\"og:image\" content=\"https:\/\/fotos15.apinmo.com\/7350\/26906339\/29-1.jpg\" \/>\n\t<meta property=\"og:image:width\" content=\"850\" \/>\n\t<meta property=\"og:image:height\" content=\"426\" \/>\n\t<meta property=\"og:image:type\" content=\"image\/jpeg\" \/>\n<meta name=\"twitter:card\" content=\"summary_large_image\" \/>\n<script type=\"application\/ld+json\" class=\"yoast-schema-graph\">{\"@context\":\"https:\\\/\\\/schema.org\",\"@graph\":[{\"@type\":\"WebPage\",\"@id\":\"https:\\\/\\\/antonquilesinmobiliaria.com\\\/property\\\/excelente-atico-duplex-a-la-venta-en-ciudad-quesada-p2462\\\/\",\"url\":\"https:\\\/\\\/antonquilesinmobiliaria.com\\\/property\\\/excelente-atico-duplex-a-la-venta-en-ciudad-quesada-p2462\\\/\",\"name\":\"Excelente \u00e1tico d\u00faplex a la venta en Ciudad Quesada. - p2462 - Ant\u00f3n Quiles Inmobiliaria - Servicios Inmobiliarios\",\"isPartOf\":{\"@id\":\"https:\\\/\\\/antonquilesinmobiliaria.com\\\/#website\"},\"primaryImageOfPage\":{\"@id\":\"https:\\\/\\\/antonquilesinmobiliaria.com\\\/property\\\/excelente-atico-duplex-a-la-venta-en-ciudad-quesada-p2462\\\/#primaryimage\"},\"image\":{\"@id\":\"https:\\\/\\\/antonquilesinmobiliaria.com\\\/property\\\/excelente-atico-duplex-a-la-venta-en-ciudad-quesada-p2462\\\/#primaryimage\"},\"thumbnailUrl\":\"https:\\\/\\\/fotos15.apinmo.com\\\/7350\\\/26906339\\\/29-1.jpg\",\"datePublished\":\"2025-10-17T10:28:36+00:00\",\"breadcrumb\":{\"@id\":\"https:\\\/\\\/antonquilesinmobiliaria.com\\\/property\\\/excelente-atico-duplex-a-la-venta-en-ciudad-quesada-p2462\\\/#breadcrumb\"},\"inLanguage\":\"de\",\"potentialAction\":[{\"@type\":\"ReadAction\",\"target\":[\"https:\\\/\\\/antonquilesinmobiliaria.com\\\/property\\\/excelente-atico-duplex-a-la-venta-en-ciudad-quesada-p2462\\\/\"]}]},{\"@type\":\"ImageObject\",\"inLanguage\":\"de\",\"@id\":\"https:\\\/\\\/antonquilesinmobiliaria.com\\\/property\\\/excelente-atico-duplex-a-la-venta-en-ciudad-quesada-p2462\\\/#primaryimage\",\"url\":\"https:\\\/\\\/fotos15.apinmo.com\\\/7350\\\/26906339\\\/29-1.jpg\",\"contentUrl\":\"https:\\\/\\\/fotos15.apinmo.com\\\/7350\\\/26906339\\\/29-1.jpg\",\"width\":850,\"height\":426,\"caption\":\"Excelente \u00e1tico d\u00faplex a la venta en ciudad quesada. - imagenInmueble0\"},{\"@type\":\"BreadcrumbList\",\"@id\":\"https:\\\/\\\/antonquilesinmobiliaria.com\\\/property\\\/excelente-atico-duplex-a-la-venta-en-ciudad-quesada-p2462\\\/#breadcrumb\",\"itemListElement\":[{\"@type\":\"ListItem\",\"position\":1,\"name\":\"Portada\",\"item\":\"https:\\\/\\\/antonquilesinmobiliaria.com\\\/fr\\\/\"},{\"@type\":\"ListItem\",\"position\":2,\"name\":\"Propiedades\",\"item\":\"https:\\\/\\\/antonquilesinmobiliaria.com\\\/property\\\/\"},{\"@type\":\"ListItem\",\"position\":3,\"name\":\"Excelente \u00e1tico d\u00faplex a la venta en Ciudad Quesada. &#8211; p2462\"}]},{\"@type\":\"WebSite\",\"@id\":\"https:\\\/\\\/antonquilesinmobiliaria.com\\\/#website\",\"url\":\"https:\\\/\\\/antonquilesinmobiliaria.com\\\/\",\"name\":\"Ant\u00f3n Quiles Inmobiliaria\",\"description\":\"Servicios Inmobiliarios\",\"publisher\":{\"@id\":\"https:\\\/\\\/antonquilesinmobiliaria.com\\\/#organization\"},\"potentialAction\":[{\"@type\":\"SearchAction\",\"target\":{\"@type\":\"EntryPoint\",\"urlTemplate\":\"https:\\\/\\\/antonquilesinmobiliaria.com\\\/?s={search_term_string}\"},\"query-input\":{\"@type\":\"PropertyValueSpecification\",\"valueRequired\":true,\"valueName\":\"search_term_string\"}}],\"inLanguage\":\"de\"},{\"@type\":\"Organization\",\"@id\":\"https:\\\/\\\/antonquilesinmobiliaria.com\\\/#organization\",\"name\":\"Ant\u00f3n Quiles Servicios Inmobiliarios\",\"url\":\"https:\\\/\\\/antonquilesinmobiliaria.com\\\/\",\"logo\":{\"@type\":\"ImageObject\",\"inLanguage\":\"de\",\"@id\":\"https:\\\/\\\/antonquilesinmobiliaria.com\\\/#\\\/schema\\\/logo\\\/image\\\/\",\"url\":\"https:\\\/\\\/antonquilesinmobiliaria.com\\\/wp-content\\\/uploads\\\/2025\\\/11\\\/page_6.png\",\"contentUrl\":\"https:\\\/\\\/antonquilesinmobiliaria.com\\\/wp-content\\\/uploads\\\/2025\\\/11\\\/page_6.png\",\"width\":578,\"height\":342,\"caption\":\"Ant\u00f3n Quiles Servicios Inmobiliarios\"},\"image\":{\"@id\":\"https:\\\/\\\/antonquilesinmobiliaria.com\\\/#\\\/schema\\\/logo\\\/image\\\/\"},\"sameAs\":[\"https:\\\/\\\/www.facebook.com\\\/antonquilesinmobiliaria\\\/\"]}]}<\/script>\n<!-- \/ Yoast SEO plugin. -->","yoast_head_json":{"title":"Excelente \u00e1tico d\u00faplex a la venta en Ciudad Quesada. - p2462 - Ant\u00f3n Quiles Inmobiliaria - Servicios Inmobiliarios","robots":{"index":"index","follow":"follow","max-snippet":"max-snippet:-1","max-image-preview":"max-image-preview:large","max-video-preview":"max-video-preview:-1"},"canonical":"https:\/\/antonquilesinmobiliaria.com\/property\/excelente-atico-duplex-a-la-venta-en-ciudad-quesada-p2462\/","og_locale":"de_DE","og_type":"article","og_title":"Excelente \u00e1tico d\u00faplex a la venta en Ciudad Quesada. - p2462 - Ant\u00f3n Quiles Inmobiliaria - Servicios Inmobiliarios","og_url":"https:\/\/antonquilesinmobiliaria.com\/property\/excelente-atico-duplex-a-la-venta-en-ciudad-quesada-p2462\/","og_site_name":"Ant\u00f3n Quiles Inmobiliaria - Servicios Inmobiliarios","article_publisher":"https:\/\/www.facebook.com\/antonquilesinmobiliaria\/","og_image":[{"width":850,"height":426,"url":"https:\/\/fotos15.apinmo.com\/7350\/26906339\/29-1.jpg","type":"image\/jpeg"}],"twitter_card":"summary_large_image","schema":{"@context":"https:\/\/schema.org","@graph":[{"@type":"WebPage","@id":"https:\/\/antonquilesinmobiliaria.com\/property\/excelente-atico-duplex-a-la-venta-en-ciudad-quesada-p2462\/","url":"https:\/\/antonquilesinmobiliaria.com\/property\/excelente-atico-duplex-a-la-venta-en-ciudad-quesada-p2462\/","name":"Excelente \u00e1tico d\u00faplex a la venta en Ciudad Quesada. - p2462 - Ant\u00f3n Quiles Inmobiliaria - Servicios Inmobiliarios","isPartOf":{"@id":"https:\/\/antonquilesinmobiliaria.com\/#website"},"primaryImageOfPage":{"@id":"https:\/\/antonquilesinmobiliaria.com\/property\/excelente-atico-duplex-a-la-venta-en-ciudad-quesada-p2462\/#primaryimage"},"image":{"@id":"https:\/\/antonquilesinmobiliaria.com\/property\/excelente-atico-duplex-a-la-venta-en-ciudad-quesada-p2462\/#primaryimage"},"thumbnailUrl":"https:\/\/fotos15.apinmo.com\/7350\/26906339\/29-1.jpg","datePublished":"2025-10-17T10:28:36+00:00","breadcrumb":{"@id":"https:\/\/antonquilesinmobiliaria.com\/property\/excelente-atico-duplex-a-la-venta-en-ciudad-quesada-p2462\/#breadcrumb"},"inLanguage":"de","potentialAction":[{"@type":"ReadAction","target":["https:\/\/antonquilesinmobiliaria.com\/property\/excelente-atico-duplex-a-la-venta-en-ciudad-quesada-p2462\/"]}]},{"@type":"ImageObject","inLanguage":"de","@id":"https:\/\/antonquilesinmobiliaria.com\/property\/excelente-atico-duplex-a-la-venta-en-ciudad-quesada-p2462\/#primaryimage","url":"https:\/\/fotos15.apinmo.com\/7350\/26906339\/29-1.jpg","contentUrl":"https:\/\/fotos15.apinmo.com\/7350\/26906339\/29-1.jpg","width":850,"height":426,"caption":"Excelente \u00e1tico d\u00faplex a la venta en ciudad quesada. - imagenInmueble0"},{"@type":"BreadcrumbList","@id":"https:\/\/antonquilesinmobiliaria.com\/property\/excelente-atico-duplex-a-la-venta-en-ciudad-quesada-p2462\/#breadcrumb","itemListElement":[{"@type":"ListItem","position":1,"name":"Portada","item":"https:\/\/antonquilesinmobiliaria.com\/fr\/"},{"@type":"ListItem","position":2,"name":"Propiedades","item":"https:\/\/antonquilesinmobiliaria.com\/property\/"},{"@type":"ListItem","position":3,"name":"Excelente \u00e1tico d\u00faplex a la venta en Ciudad Quesada. &#8211; p2462"}]},{"@type":"WebSite","@id":"https:\/\/antonquilesinmobiliaria.com\/#website","url":"https:\/\/antonquilesinmobiliaria.com\/","name":"Ant\u00f3n Quiles Inmobiliaria","description":"Servicios Inmobiliarios","publisher":{"@id":"https:\/\/antonquilesinmobiliaria.com\/#organization"},"potentialAction":[{"@type":"SearchAction","target":{"@type":"EntryPoint","urlTemplate":"https:\/\/antonquilesinmobiliaria.com\/?s={search_term_string}"},"query-input":{"@type":"PropertyValueSpecification","valueRequired":true,"valueName":"search_term_string"}}],"inLanguage":"de"},{"@type":"Organization","@id":"https:\/\/antonquilesinmobiliaria.com\/#organization","name":"Ant\u00f3n Quiles Servicios Inmobiliarios","url":"https:\/\/antonquilesinmobiliaria.com\/","logo":{"@type":"ImageObject","inLanguage":"de","@id":"https:\/\/antonquilesinmobiliaria.com\/#\/schema\/logo\/image\/","url":"https:\/\/antonquilesinmobiliaria.com\/wp-content\/uploads\/2025\/11\/page_6.png","contentUrl":"https:\/\/antonquilesinmobiliaria.com\/wp-content\/uploads\/2025\/11\/page_6.png","width":578,"height":342,"caption":"Ant\u00f3n Quiles Servicios Inmobiliarios"},"image":{"@id":"https:\/\/antonquilesinmobiliaria.com\/#\/schema\/logo\/image\/"},"sameAs":["https:\/\/www.facebook.com\/antonquilesinmobiliaria\/"]}]}},"_links":{"self":[{"href":"https:\/\/antonquilesinmobiliaria.com\/de\/wp-json\/wp\/v2\/properties\/4687752","targetHints":{"allow":["GET"]}}],"collection":[{"href":"https:\/\/antonquilesinmobiliaria.com\/de\/wp-json\/wp\/v2\/properties"}],"about":[{"href":"https:\/\/antonquilesinmobiliaria.com\/de\/wp-json\/wp\/v2\/types\/property"}],"author":[{"embeddable":true,"href":"https:\/\/antonquilesinmobiliaria.com\/de\/wp-json\/wp\/v2\/users\/2"}],"version-history":[{"count":0,"href":"https:\/\/antonquilesinmobiliaria.com\/de\/wp-json\/wp\/v2\/properties\/4687752\/revisions"}],"wp:featuredmedia":[{"embeddable":true,"href":"https:\/\/antonquilesinmobiliaria.com\/de\/wp-json\/wp\/v2\/media\/4687755"}],"wp:attachment":[{"href":"https:\/\/antonquilesinmobiliaria.com\/de\/wp-json\/wp\/v2\/media?parent=4687752"}],"wp:term":[{"taxonomy":"property_type","embeddable":true,"href":"https:\/\/antonquilesinmobiliaria.com\/de\/wp-json\/wp\/v2\/property_type?post=4687752"},{"taxonomy":"property_status","embeddable":true,"href":"https:\/\/antonquilesinmobiliaria.com\/de\/wp-json\/wp\/v2\/property_status?post=4687752"},{"taxonomy":"property_feature","embeddable":true,"href":"https:\/\/antonquilesinmobiliaria.com\/de\/wp-json\/wp\/v2\/property_feature?post=4687752"},{"taxonomy":"property_label","embeddable":true,"href":"https:\/\/antonquilesinmobiliaria.com\/de\/wp-json\/wp\/v2\/property_label?post=4687752"},{"taxonomy":"property_country","embeddable":true,"href":"https:\/\/antonquilesinmobiliaria.com\/de\/wp-json\/wp\/v2\/property_country?post=4687752"},{"taxonomy":"property_state","embeddable":true,"href":"https:\/\/antonquilesinmobiliaria.com\/de\/wp-json\/wp\/v2\/property_state?post=4687752"},{"taxonomy":"property_city","embeddable":true,"href":"https:\/\/antonquilesinmobiliaria.com\/de\/wp-json\/wp\/v2\/property_city?post=4687752"},{"taxonomy":"property_area","embeddable":true,"href":"https:\/\/antonquilesinmobiliaria.com\/de\/wp-json\/wp\/v2\/property_area?post=4687752"}],"curies":[{"name":"wp","href":"https:\/\/api.w.org\/{rel}","templated":true}]}}