{"id":4686948,"date":"2025-09-11T16:42:21","date_gmt":"2025-09-11T16:42:21","guid":{"rendered":"https:\/\/antonquilesinmobiliaria.com\/w6\/antonquiles\/inmueble\/venta\/local-comercial\/alicante\/elche-elx\/p2420\/"},"modified":"2025-09-11T16:42:21","modified_gmt":"2025-09-11T16:42:21","slug":"local-muy-bien-ubicado-con-vado-p2420-en","status":"publish","type":"property","link":"https:\/\/antonquilesinmobiliaria.com\/en\/property\/local-muy-bien-ubicado-con-vado-p2420-en\/","title":{"rendered":"Local muy bien ubicado con vado. &#8211; p2420"},"content":{"rendered":"<p>Presentamos este excelente local comercial en la ciudad de Elche, situado en la zona de Altabix. Con una superficie construida de 129 m\u00b2 y \u00fatil de 125 m\u00b2, esta propiedad es ideal para emprendedores que buscan establecer su negocio en un lugar estrat\u00e9gicamente localizado. Su orientaci\u00f3n sur garantiza luminosidad durante gran parte del d\u00eda, lo que puede ser beneficioso para atraer a los clientes. Adem\u00e1s cuenta con un aseo, ofreciendo m\u00faltiples posibilidades para personalizar seg\u00fan las necesidades del futuro propietario.<\/p>\n<p>La ubicaci\u00f3n es uno de sus principales atractivos; el local est\u00e1 a tan solo 15 kil\u00f3metros del mar, permitiendo disfrutar tanto del ambiente urbano como accesibilidad a \u00e1reas costeras cuando sea necesario. Este espacio no dispone actualmente ni habitaciones dobles ni sencillas pero presenta un amplio potencial gracias al tama\u00f1o disponible y su disposici\u00f3n vers\u00e1til.<\/p>\n<p>Con un precio competitivo de venta establecido en &euro;79,000 euros y opci\u00f3n viable gracias a contar con acceso mediante vado permanente permite facilitar actividades comerciales diversas sin inconvenientes log\u00edsticos adicionales. Convi\u00e9rtalo hoy mismo en el centro neur\u00e1lgico donde desarrollar esa idea innovadora o consolidar ese proyecto empresarial ya existente.<\/p>\n","protected":false},"excerpt":{"rendered":"<p>Presentamos este excelente local comercial en la ciudad de Elche, situado en la zona de Altabix. Con una superficie construida de 129 m\u00b2 y \u00fatil de 125 m\u00b2, esta propiedad es ideal para emprendedores que buscan establecer su negocio en un lugar estrat\u00e9gicamente localizado. Su orientaci\u00f3n sur garantiza luminosidad durante gran parte del <\/p>\n","protected":false},"author":2,"featured_media":4686952,"parent":0,"menu_order":0,"template":"","property_type":[124],"property_status":[74],"property_feature":[],"property_label":[264],"property_country":[],"property_state":[104],"property_city":[122],"property_area":[232],"class_list":["post-4686948","property","type-property","status-publish","has-post-thumbnail","hentry","property_type-commercials","property_status-sale","property_label-resale","property_state-alicante","property_city-elche-elx","property_area-altabix"],"property_meta":{"fave_agent":["4673329"],"fave_agents":["4673329"],"fave_agent_display_option":["agent_info"],"property_agent":["19179"],"custom_permalink":["inmueble\/venta\/local-comercial\/alicante\/elche-elx\/p2420\/"],"_thumbnail_id":["4686952"],"post_id":["Array"],"original_author":["2"],"_edit_lock":["1604137107:1"],"_edit_last":["1"],"fave_property_map_street_view":["show"],"fave_payment_status":["not_paid"],"fave_single_top_area":["global"],"fave_single_content_area":["global"],"houzez_manual_expire":["0"],"fave_property_size_prefix":["m&sup2;"],"fave_property_map":["1"],"fave_additional_features_enable":["disable"],"fave_floor_plans_enable":["disable"],"fave_multiunit_plans_enable":["disable"],"fave_prop_homeslider":["no"],"fave_featured":["0"],"fave_property_address":["Elche\/Elx,Alicante"],"fave_property_zip":["03202"],"houzez_geolocation_lat":["38.269652921506"],"houzez_geolocation_long":["-0.68420601515746"],"fave_property_location":["38.269652921506,-0.68420601515746"],"fave_property_country":["ES"],"fave_property_map_address":["Elche\/Elx,Alicante,Spain"],"fave_comunidadimporte":["0"],"fave_comunidadincluida":["0"],"fave_conservacion":["De origen"],"fave_orientacion":["Sur"],"fave_carpinteriainterior":[""],"fave_carpinteriaexterior":[""],"fave_tiposuelo":[""],"fave_vistas":[""],"additional_features":["a:5:{i:0;a:2:{s:29:\"fave_additional_feature_title\";s:12:\"Carpinter\u00eda\";s:29:\"fave_additional_feature_value\";s:0:\"\";}i:1;a:2:{s:29:\"fave_additional_feature_title\";s:21:\"Carpinter\u00eda exterior\";s:29:\"fave_additional_feature_value\";s:0:\"\";}i:2;a:2:{s:29:\"fave_additional_feature_title\";s:6:\"Estado\";s:29:\"fave_additional_feature_value\";s:9:\"De origen\";}i:3;a:2:{s:29:\"fave_additional_feature_title\";s:6:\"Vistas\";s:29:\"fave_additional_feature_value\";s:0:\"\";}i:4;a:2:{s:29:\"fave_additional_feature_title\";s:11:\"Orientacion\";s:29:\"fave_additional_feature_value\";s:3:\"Sur\";}}"],"referencia":["p2420"],"fave_property_id":["p2420"],"fave_property_bedrooms":["0"],"fave_property_bathrooms":["1"],"fave_property_garage":[""],"fave_property_land":["0"],"ave_property_land_postfix":["m&sup2;"],"fave_property_size":["101"],"fave_property_year":["2008"],"fave_energy_global_index":["0 kWh\/m&sup2; \/1234.99 Kg CO2\/m&sup2;"],"fave_energy_class":["N"],"estate_attr_energy_class":["Tramitando..."],"REAL_HOMES_property_emisiones":["1234.99"],"REAL_HOMES_property_consumo":["0"],"REAL_HOMES_property_letra":["N"],"estate_video":[""],"fave_virtual_tour":[""],"vendidoInmueble":[""],"fave_property_price":["79000"],"fave_property_price_postfix":[""],"fave_property_images":["4686952","4686953","4686954","4686955","4686956","4686957","4686958","4686959","4686960","4686961","4686962","4686963","4686964","4686965","4686966","4686967","4686968","4686969","4686970","4686971","4686972"],"houzez_total_property_views":["1"],"houzez_views_by_date":["a:1:{s:10:\"05-01-2026\";i:1;}"],"houzez_recently_viewed":["2026-05-01 05:55:22"],"_elementor_page_assets":["a:0:{}"]},"yoast_head":"<!-- This site is optimized with the Yoast SEO plugin v27.4 - https:\/\/yoast.com\/product\/yoast-seo-wordpress\/ -->\n<title>Local muy bien ubicado con vado. - p2420 - Ant\u00f3n Quiles Inmobiliaria - Servicios Inmobiliarios<\/title>\n<meta name=\"robots\" content=\"index, follow, max-snippet:-1, max-image-preview:large, max-video-preview:-1\" \/>\n<link rel=\"canonical\" href=\"https:\/\/antonquilesinmobiliaria.com\/property\/local-muy-bien-ubicado-con-vado-p2420\/\" \/>\n<meta property=\"og:locale\" content=\"en_US\" \/>\n<meta property=\"og:type\" content=\"article\" \/>\n<meta property=\"og:title\" content=\"Local muy bien ubicado con vado. - p2420 - Ant\u00f3n Quiles Inmobiliaria - Servicios Inmobiliarios\" \/>\n<meta property=\"og:description\" content=\"Presentamos este excelente local comercial en la ciudad de Elche, situado en la zona de Altabix. Con una superficie construida de 129 m\u00b2 y \u00fatil de 125 m\u00b2, esta propiedad es ideal para emprendedores que buscan establecer su negocio en un lugar estrat\u00e9gicamente localizado. Su orientaci\u00f3n sur garantiza luminosidad durante gran parte del\" \/>\n<meta property=\"og:url\" content=\"https:\/\/antonquilesinmobiliaria.com\/property\/local-muy-bien-ubicado-con-vado-p2420\/\" \/>\n<meta property=\"og:site_name\" content=\"Ant\u00f3n Quiles Inmobiliaria - Servicios Inmobiliarios\" \/>\n<meta property=\"article:publisher\" content=\"https:\/\/www.facebook.com\/antonquilesinmobiliaria\/\" \/>\n<meta property=\"og:image\" content=\"https:\/\/fotos15.apinmo.com\/7350\/26547619\/6-1.jpg\" \/>\n\t<meta property=\"og:image:width\" content=\"850\" \/>\n\t<meta property=\"og:image:height\" content=\"426\" \/>\n\t<meta property=\"og:image:type\" content=\"image\/jpeg\" \/>\n<meta name=\"twitter:card\" content=\"summary_large_image\" \/>\n<meta name=\"twitter:label1\" content=\"Est. reading time\" \/>\n\t<meta name=\"twitter:data1\" content=\"1 minute\" \/>\n<script type=\"application\/ld+json\" class=\"yoast-schema-graph\">{\"@context\":\"https:\\\/\\\/schema.org\",\"@graph\":[{\"@type\":\"WebPage\",\"@id\":\"https:\\\/\\\/antonquilesinmobiliaria.com\\\/property\\\/local-muy-bien-ubicado-con-vado-p2420\\\/\",\"url\":\"https:\\\/\\\/antonquilesinmobiliaria.com\\\/property\\\/local-muy-bien-ubicado-con-vado-p2420\\\/\",\"name\":\"Local muy bien ubicado con vado. - p2420 - Ant\u00f3n Quiles Inmobiliaria - Servicios Inmobiliarios\",\"isPartOf\":{\"@id\":\"https:\\\/\\\/antonquilesinmobiliaria.com\\\/#website\"},\"primaryImageOfPage\":{\"@id\":\"https:\\\/\\\/antonquilesinmobiliaria.com\\\/property\\\/local-muy-bien-ubicado-con-vado-p2420\\\/#primaryimage\"},\"image\":{\"@id\":\"https:\\\/\\\/antonquilesinmobiliaria.com\\\/property\\\/local-muy-bien-ubicado-con-vado-p2420\\\/#primaryimage\"},\"thumbnailUrl\":\"https:\\\/\\\/fotos15.apinmo.com\\\/7350\\\/26547619\\\/6-1.jpg\",\"datePublished\":\"2025-09-11T16:42:21+00:00\",\"breadcrumb\":{\"@id\":\"https:\\\/\\\/antonquilesinmobiliaria.com\\\/property\\\/local-muy-bien-ubicado-con-vado-p2420\\\/#breadcrumb\"},\"inLanguage\":\"en-US\",\"potentialAction\":[{\"@type\":\"ReadAction\",\"target\":[\"https:\\\/\\\/antonquilesinmobiliaria.com\\\/property\\\/local-muy-bien-ubicado-con-vado-p2420\\\/\"]}]},{\"@type\":\"ImageObject\",\"inLanguage\":\"en-US\",\"@id\":\"https:\\\/\\\/antonquilesinmobiliaria.com\\\/property\\\/local-muy-bien-ubicado-con-vado-p2420\\\/#primaryimage\",\"url\":\"https:\\\/\\\/fotos15.apinmo.com\\\/7350\\\/26547619\\\/6-1.jpg\",\"contentUrl\":\"https:\\\/\\\/fotos15.apinmo.com\\\/7350\\\/26547619\\\/6-1.jpg\",\"width\":850,\"height\":426,\"caption\":\"Local muy bien ubicado con vado. - imagenInmueble0\"},{\"@type\":\"BreadcrumbList\",\"@id\":\"https:\\\/\\\/antonquilesinmobiliaria.com\\\/property\\\/local-muy-bien-ubicado-con-vado-p2420\\\/#breadcrumb\",\"itemListElement\":[{\"@type\":\"ListItem\",\"position\":1,\"name\":\"Portada\",\"item\":\"https:\\\/\\\/antonquilesinmobiliaria.com\\\/en\\\/\"},{\"@type\":\"ListItem\",\"position\":2,\"name\":\"Propiedades\",\"item\":\"https:\\\/\\\/antonquilesinmobiliaria.com\\\/property\\\/\"},{\"@type\":\"ListItem\",\"position\":3,\"name\":\"Local muy bien ubicado con vado. &#8211; p2420\"}]},{\"@type\":\"WebSite\",\"@id\":\"https:\\\/\\\/antonquilesinmobiliaria.com\\\/#website\",\"url\":\"https:\\\/\\\/antonquilesinmobiliaria.com\\\/\",\"name\":\"Ant\u00f3n Quiles Inmobiliaria\",\"description\":\"Servicios Inmobiliarios\",\"publisher\":{\"@id\":\"https:\\\/\\\/antonquilesinmobiliaria.com\\\/#organization\"},\"potentialAction\":[{\"@type\":\"SearchAction\",\"target\":{\"@type\":\"EntryPoint\",\"urlTemplate\":\"https:\\\/\\\/antonquilesinmobiliaria.com\\\/?s={search_term_string}\"},\"query-input\":{\"@type\":\"PropertyValueSpecification\",\"valueRequired\":true,\"valueName\":\"search_term_string\"}}],\"inLanguage\":\"en-US\"},{\"@type\":\"Organization\",\"@id\":\"https:\\\/\\\/antonquilesinmobiliaria.com\\\/#organization\",\"name\":\"Ant\u00f3n Quiles Servicios Inmobiliarios\",\"url\":\"https:\\\/\\\/antonquilesinmobiliaria.com\\\/\",\"logo\":{\"@type\":\"ImageObject\",\"inLanguage\":\"en-US\",\"@id\":\"https:\\\/\\\/antonquilesinmobiliaria.com\\\/#\\\/schema\\\/logo\\\/image\\\/\",\"url\":\"https:\\\/\\\/antonquilesinmobiliaria.com\\\/wp-content\\\/uploads\\\/2025\\\/11\\\/page_6.png\",\"contentUrl\":\"https:\\\/\\\/antonquilesinmobiliaria.com\\\/wp-content\\\/uploads\\\/2025\\\/11\\\/page_6.png\",\"width\":578,\"height\":342,\"caption\":\"Ant\u00f3n Quiles Servicios Inmobiliarios\"},\"image\":{\"@id\":\"https:\\\/\\\/antonquilesinmobiliaria.com\\\/#\\\/schema\\\/logo\\\/image\\\/\"},\"sameAs\":[\"https:\\\/\\\/www.facebook.com\\\/antonquilesinmobiliaria\\\/\"]}]}<\/script>\n<!-- \/ Yoast SEO plugin. -->","yoast_head_json":{"title":"Local muy bien ubicado con vado. - p2420 - Ant\u00f3n Quiles Inmobiliaria - Servicios Inmobiliarios","robots":{"index":"index","follow":"follow","max-snippet":"max-snippet:-1","max-image-preview":"max-image-preview:large","max-video-preview":"max-video-preview:-1"},"canonical":"https:\/\/antonquilesinmobiliaria.com\/property\/local-muy-bien-ubicado-con-vado-p2420\/","og_locale":"en_US","og_type":"article","og_title":"Local muy bien ubicado con vado. - p2420 - Ant\u00f3n Quiles Inmobiliaria - Servicios Inmobiliarios","og_description":"Presentamos este excelente local comercial en la ciudad de Elche, situado en la zona de Altabix. Con una superficie construida de 129 m\u00b2 y \u00fatil de 125 m\u00b2, esta propiedad es ideal para emprendedores que buscan establecer su negocio en un lugar estrat\u00e9gicamente localizado. Su orientaci\u00f3n sur garantiza luminosidad durante gran parte del","og_url":"https:\/\/antonquilesinmobiliaria.com\/property\/local-muy-bien-ubicado-con-vado-p2420\/","og_site_name":"Ant\u00f3n Quiles Inmobiliaria - Servicios Inmobiliarios","article_publisher":"https:\/\/www.facebook.com\/antonquilesinmobiliaria\/","og_image":[{"width":850,"height":426,"url":"https:\/\/fotos15.apinmo.com\/7350\/26547619\/6-1.jpg","type":"image\/jpeg"}],"twitter_card":"summary_large_image","twitter_misc":{"Est. reading time":"1 minute"},"schema":{"@context":"https:\/\/schema.org","@graph":[{"@type":"WebPage","@id":"https:\/\/antonquilesinmobiliaria.com\/property\/local-muy-bien-ubicado-con-vado-p2420\/","url":"https:\/\/antonquilesinmobiliaria.com\/property\/local-muy-bien-ubicado-con-vado-p2420\/","name":"Local muy bien ubicado con vado. - p2420 - Ant\u00f3n Quiles Inmobiliaria - Servicios Inmobiliarios","isPartOf":{"@id":"https:\/\/antonquilesinmobiliaria.com\/#website"},"primaryImageOfPage":{"@id":"https:\/\/antonquilesinmobiliaria.com\/property\/local-muy-bien-ubicado-con-vado-p2420\/#primaryimage"},"image":{"@id":"https:\/\/antonquilesinmobiliaria.com\/property\/local-muy-bien-ubicado-con-vado-p2420\/#primaryimage"},"thumbnailUrl":"https:\/\/fotos15.apinmo.com\/7350\/26547619\/6-1.jpg","datePublished":"2025-09-11T16:42:21+00:00","breadcrumb":{"@id":"https:\/\/antonquilesinmobiliaria.com\/property\/local-muy-bien-ubicado-con-vado-p2420\/#breadcrumb"},"inLanguage":"en-US","potentialAction":[{"@type":"ReadAction","target":["https:\/\/antonquilesinmobiliaria.com\/property\/local-muy-bien-ubicado-con-vado-p2420\/"]}]},{"@type":"ImageObject","inLanguage":"en-US","@id":"https:\/\/antonquilesinmobiliaria.com\/property\/local-muy-bien-ubicado-con-vado-p2420\/#primaryimage","url":"https:\/\/fotos15.apinmo.com\/7350\/26547619\/6-1.jpg","contentUrl":"https:\/\/fotos15.apinmo.com\/7350\/26547619\/6-1.jpg","width":850,"height":426,"caption":"Local muy bien ubicado con vado. - imagenInmueble0"},{"@type":"BreadcrumbList","@id":"https:\/\/antonquilesinmobiliaria.com\/property\/local-muy-bien-ubicado-con-vado-p2420\/#breadcrumb","itemListElement":[{"@type":"ListItem","position":1,"name":"Portada","item":"https:\/\/antonquilesinmobiliaria.com\/en\/"},{"@type":"ListItem","position":2,"name":"Propiedades","item":"https:\/\/antonquilesinmobiliaria.com\/property\/"},{"@type":"ListItem","position":3,"name":"Local muy bien ubicado con vado. &#8211; p2420"}]},{"@type":"WebSite","@id":"https:\/\/antonquilesinmobiliaria.com\/#website","url":"https:\/\/antonquilesinmobiliaria.com\/","name":"Ant\u00f3n Quiles Inmobiliaria","description":"Servicios Inmobiliarios","publisher":{"@id":"https:\/\/antonquilesinmobiliaria.com\/#organization"},"potentialAction":[{"@type":"SearchAction","target":{"@type":"EntryPoint","urlTemplate":"https:\/\/antonquilesinmobiliaria.com\/?s={search_term_string}"},"query-input":{"@type":"PropertyValueSpecification","valueRequired":true,"valueName":"search_term_string"}}],"inLanguage":"en-US"},{"@type":"Organization","@id":"https:\/\/antonquilesinmobiliaria.com\/#organization","name":"Ant\u00f3n Quiles Servicios Inmobiliarios","url":"https:\/\/antonquilesinmobiliaria.com\/","logo":{"@type":"ImageObject","inLanguage":"en-US","@id":"https:\/\/antonquilesinmobiliaria.com\/#\/schema\/logo\/image\/","url":"https:\/\/antonquilesinmobiliaria.com\/wp-content\/uploads\/2025\/11\/page_6.png","contentUrl":"https:\/\/antonquilesinmobiliaria.com\/wp-content\/uploads\/2025\/11\/page_6.png","width":578,"height":342,"caption":"Ant\u00f3n Quiles Servicios Inmobiliarios"},"image":{"@id":"https:\/\/antonquilesinmobiliaria.com\/#\/schema\/logo\/image\/"},"sameAs":["https:\/\/www.facebook.com\/antonquilesinmobiliaria\/"]}]}},"_links":{"self":[{"href":"https:\/\/antonquilesinmobiliaria.com\/en\/wp-json\/wp\/v2\/properties\/4686948","targetHints":{"allow":["GET"]}}],"collection":[{"href":"https:\/\/antonquilesinmobiliaria.com\/en\/wp-json\/wp\/v2\/properties"}],"about":[{"href":"https:\/\/antonquilesinmobiliaria.com\/en\/wp-json\/wp\/v2\/types\/property"}],"author":[{"embeddable":true,"href":"https:\/\/antonquilesinmobiliaria.com\/en\/wp-json\/wp\/v2\/users\/2"}],"version-history":[{"count":0,"href":"https:\/\/antonquilesinmobiliaria.com\/en\/wp-json\/wp\/v2\/properties\/4686948\/revisions"}],"wp:featuredmedia":[{"embeddable":true,"href":"https:\/\/antonquilesinmobiliaria.com\/en\/wp-json\/wp\/v2\/media\/4686952"}],"wp:attachment":[{"href":"https:\/\/antonquilesinmobiliaria.com\/en\/wp-json\/wp\/v2\/media?parent=4686948"}],"wp:term":[{"taxonomy":"property_type","embeddable":true,"href":"https:\/\/antonquilesinmobiliaria.com\/en\/wp-json\/wp\/v2\/property_type?post=4686948"},{"taxonomy":"property_status","embeddable":true,"href":"https:\/\/antonquilesinmobiliaria.com\/en\/wp-json\/wp\/v2\/property_status?post=4686948"},{"taxonomy":"property_feature","embeddable":true,"href":"https:\/\/antonquilesinmobiliaria.com\/en\/wp-json\/wp\/v2\/property_feature?post=4686948"},{"taxonomy":"property_label","embeddable":true,"href":"https:\/\/antonquilesinmobiliaria.com\/en\/wp-json\/wp\/v2\/property_label?post=4686948"},{"taxonomy":"property_country","embeddable":true,"href":"https:\/\/antonquilesinmobiliaria.com\/en\/wp-json\/wp\/v2\/property_country?post=4686948"},{"taxonomy":"property_state","embeddable":true,"href":"https:\/\/antonquilesinmobiliaria.com\/en\/wp-json\/wp\/v2\/property_state?post=4686948"},{"taxonomy":"property_city","embeddable":true,"href":"https:\/\/antonquilesinmobiliaria.com\/en\/wp-json\/wp\/v2\/property_city?post=4686948"},{"taxonomy":"property_area","embeddable":true,"href":"https:\/\/antonquilesinmobiliaria.com\/en\/wp-json\/wp\/v2\/property_area?post=4686948"}],"curies":[{"name":"wp","href":"https:\/\/api.w.org\/{rel}","templated":true}]}}