{"id":4689828,"date":"2026-04-27T09:40:20","date_gmt":"2026-04-27T09:40:20","guid":{"rendered":"https:\/\/antonquilesinmobiliaria.com\/w6\/antonquiles\/inmueble\/alquiler\/piso\/alicante\/santa-pola\/p2633\/"},"modified":"2026-04-27T09:40:20","modified_gmt":"2026-04-27T09:40:20","slug":"apartamento-muy-bien-ubicado-p2633-en","status":"publish","type":"property","link":"https:\/\/antonquilesinmobiliaria.com\/en\/property\/apartamento-muy-bien-ubicado-p2633-en\/","title":{"rendered":"Apartamento muy bien ubicado. &#8211; p2633"},"content":{"rendered":"<p>Descubre este magn\u00edfico piso disponible para alquiler en la zona del club n\u00e1utico. Con una superficie total construida de 105 m\u00b2 y \u00fatil de 95 m\u00b2, esta propiedad es ideal para quienes buscan comodidad y estilo. La vivienda cuenta con dos amplias habitaciones dobles y dos ba\u00f1os que satisfacen todas tus necesidades diarias. Su privilegiada orientaci\u00f3n sureste garantiza luminosidad durante todo el d\u00eda.<\/p>\n<p>Situado a tan solo 100 metros del mar Mediterr\u00e1neo, podr\u00e1s disfrutar tanto de las maravillas costeras como de la tranquilidad que ofrece vivir cerca del centro urbano. Entre sus numerosas ventajas se incluyen su proximidad a la zona comercial del club n\u00e1utico donde encontrar\u00e1s tiendas variadas; adem\u00e1s est\u00e1 bien comunicado con el centro de salud, supermercado y parques infantiles ideales para familias.<\/p>\n<p>Este inmueble se encuentra en perfecto estado para entrar a vivir, lo cual significa menos preocupaciones desde el primer momento. No pierdas esta oportunidad \u00fanica: \u00a1contacta hoy mismo! Por solo 950&euro; al mes puedes hacer realidad tu sue\u00f1o habitacional.<\/p>\n","protected":false},"excerpt":{"rendered":"<p>Descubre este magn\u00edfico piso disponible para alquiler en la zona del club n\u00e1utico. Con una superficie total construida de 105 m\u00b2 y \u00fatil de 95 m\u00b2, esta propiedad es ideal para quienes buscan comodidad y estilo. La vivienda cuenta con dos amplias habitaciones dobles y dos ba\u00f1os que satisfacen todas tus necesidades diarias. Su <\/p>\n","protected":false},"author":2,"featured_media":4689832,"parent":0,"menu_order":0,"template":"","property_type":[296],"property_status":[330],"property_feature":[86,175,162,171,4437,141,92,95],"property_label":[],"property_country":[],"property_state":[104],"property_city":[178],"property_area":[4441],"class_list":["post-4689828","property","type-property","status-publish","has-post-thumbnail","hentry","property_type-flats","property_status-rental","property_feature-air-conditioning","property_feature-elevator","property_feature-exterior-overlooking","property_feature-furniture","property_feature-glazed-terrace","property_feature-heating","property_feature-home-appliances","property_feature-reinforced-door","property_state-alicante","property_city-santa-pola","property_area-club-nautico"],"property_meta":{"fave_agent":["4673329"],"fave_agents":["4673329"],"fave_agent_display_option":["agent_info"],"property_agent":["19179"],"custom_permalink":["inmueble\/alquiler\/piso\/alicante\/santa-pola\/p2633\/"],"_thumbnail_id":["4689832"],"post_id":["Array"],"original_author":["2"],"_edit_lock":["1604137107:1"],"_edit_last":["1"],"fave_property_map_street_view":["show"],"fave_payment_status":["not_paid"],"fave_single_top_area":["global"],"fave_single_content_area":["global"],"houzez_manual_expire":["0"],"fave_property_size_prefix":["m&sup2;"],"fave_property_map":["1"],"fave_additional_features_enable":["disable"],"fave_floor_plans_enable":["disable"],"fave_multiunit_plans_enable":["disable"],"fave_prop_homeslider":["no"],"fave_featured":["0"],"fave_property_address":["Santa Pola,Alicante"],"fave_property_zip":["03130"],"houzez_geolocation_lat":["38.191955418884"],"houzez_geolocation_long":["-0.56233419868994"],"fave_property_location":["38.191955418884,-0.56233419868994"],"fave_property_country":["ES"],"fave_property_map_address":["Santa Pola,Alicante,Spain"],"fave_comunidadimporte":["0"],"fave_comunidadincluida":["0"],"fave_conservacion":["Entrar a vivir"],"fave_orientacion":["Sureste"],"fave_carpinteriainterior":["Madera"],"fave_carpinteriaexterior":["Aluminio"],"fave_tiposuelo":[""],"fave_vistas":[""],"additional_features":["a:5:{i:0;a:2:{s:29:\"fave_additional_feature_title\";s:12:\"Carpinter\u00eda\";s:29:\"fave_additional_feature_value\";s:6:\"Madera\";}i:1;a:2:{s:29:\"fave_additional_feature_title\";s:21:\"Carpinter\u00eda exterior\";s:29:\"fave_additional_feature_value\";s:8:\"Aluminio\";}i:2;a:2:{s:29:\"fave_additional_feature_title\";s:6:\"Estado\";s:29:\"fave_additional_feature_value\";s:14:\"Entrar a vivir\";}i:3;a:2:{s:29:\"fave_additional_feature_title\";s:6:\"Vistas\";s:29:\"fave_additional_feature_value\";s:0:\"\";}i:4;a:2:{s:29:\"fave_additional_feature_title\";s:11:\"Orientacion\";s:29:\"fave_additional_feature_value\";s:7:\"Sureste\";}}"],"referencia":["p2633"],"fave_property_id":["p2633"],"fave_property_bedrooms":["2"],"fave_property_bathrooms":["2"],"fave_property_garage":[""],"fave_property_land":["0"],"ave_property_land_postfix":["m&sup2;"],"fave_property_size":["105"],"fave_property_year":["2000"],"fave_energy_global_index":["0 kWh\/m&sup2; \/1234.99 Kg CO2\/m&sup2;"],"fave_energy_class":["N"],"estate_attr_energy_class":["Tramitando..."],"REAL_HOMES_property_emisiones":["1234.99"],"REAL_HOMES_property_consumo":["0"],"REAL_HOMES_property_letra":["N"],"estate_video":[""],"fave_virtual_tour":[""],"vendidoInmueble":[""],"fave_property_price":["950"],"fave_property_price_postfix":["mes"],"fave_property_images":["4689832","4689833","4689834","4689835","4689836","4689837","4689838","4689839","4689840","4689841","4689842","4689843","4689844","4689845","4689846","4689847","4689848","4689849","4689850","4689851","4689852","4689853","4689854","4689855","4689856","4689857","4689858","4689859","4689860","4689861","4689862","4689863","4689864","4689865","4689866","4689867","4689868","4689869","4689870","4689871"],"houzez_total_property_views":["2"],"houzez_views_by_date":["a:2:{s:10:\"04-30-2026\";i:1;s:10:\"05-01-2026\";i:1;}"],"houzez_recently_viewed":["2026-05-01 03:05:31"],"_elementor_page_assets":["a:0:{}"]},"yoast_head":"<!-- This site is optimized with the Yoast SEO plugin v27.4 - https:\/\/yoast.com\/product\/yoast-seo-wordpress\/ -->\n<title>Apartamento muy bien ubicado. - p2633 - Ant\u00f3n Quiles Inmobiliaria - Servicios Inmobiliarios<\/title>\n<meta name=\"robots\" content=\"index, follow, max-snippet:-1, max-image-preview:large, max-video-preview:-1\" \/>\n<link rel=\"canonical\" href=\"https:\/\/antonquilesinmobiliaria.com\/property\/apartamento-muy-bien-ubicado-p2633\/\" \/>\n<meta property=\"og:locale\" content=\"en_US\" \/>\n<meta property=\"og:type\" content=\"article\" \/>\n<meta property=\"og:title\" content=\"Apartamento muy bien ubicado. - p2633 - Ant\u00f3n Quiles Inmobiliaria - Servicios Inmobiliarios\" \/>\n<meta property=\"og:description\" content=\"Descubre este magn\u00edfico piso disponible para alquiler en la zona del club n\u00e1utico. Con una superficie total construida de 105 m\u00b2 y \u00fatil de 95 m\u00b2, esta propiedad es ideal para quienes buscan comodidad y estilo. La vivienda cuenta con dos amplias habitaciones dobles y dos ba\u00f1os que satisfacen todas tus necesidades diarias. Su\" \/>\n<meta property=\"og:url\" content=\"https:\/\/antonquilesinmobiliaria.com\/property\/apartamento-muy-bien-ubicado-p2633\/\" \/>\n<meta property=\"og:site_name\" content=\"Ant\u00f3n Quiles Inmobiliaria - Servicios Inmobiliarios\" \/>\n<meta property=\"article:publisher\" content=\"https:\/\/www.facebook.com\/antonquilesinmobiliaria\/\" \/>\n<meta property=\"og:image\" content=\"https:\/\/fotos15.apinmo.com\/7350\/28898390\/36-1.jpg\" \/>\n\t<meta property=\"og:image:width\" content=\"850\" \/>\n\t<meta property=\"og:image:height\" content=\"426\" \/>\n\t<meta property=\"og:image:type\" content=\"image\/jpeg\" \/>\n<meta name=\"twitter:card\" content=\"summary_large_image\" \/>\n<meta name=\"twitter:label1\" content=\"Est. reading time\" \/>\n\t<meta name=\"twitter:data1\" content=\"1 minute\" \/>\n<script type=\"application\/ld+json\" class=\"yoast-schema-graph\">{\"@context\":\"https:\\\/\\\/schema.org\",\"@graph\":[{\"@type\":\"WebPage\",\"@id\":\"https:\\\/\\\/antonquilesinmobiliaria.com\\\/property\\\/apartamento-muy-bien-ubicado-p2633\\\/\",\"url\":\"https:\\\/\\\/antonquilesinmobiliaria.com\\\/property\\\/apartamento-muy-bien-ubicado-p2633\\\/\",\"name\":\"Apartamento muy bien ubicado. - p2633 - Ant\u00f3n Quiles Inmobiliaria - Servicios Inmobiliarios\",\"isPartOf\":{\"@id\":\"https:\\\/\\\/antonquilesinmobiliaria.com\\\/#website\"},\"primaryImageOfPage\":{\"@id\":\"https:\\\/\\\/antonquilesinmobiliaria.com\\\/property\\\/apartamento-muy-bien-ubicado-p2633\\\/#primaryimage\"},\"image\":{\"@id\":\"https:\\\/\\\/antonquilesinmobiliaria.com\\\/property\\\/apartamento-muy-bien-ubicado-p2633\\\/#primaryimage\"},\"thumbnailUrl\":\"https:\\\/\\\/fotos15.apinmo.com\\\/7350\\\/28898390\\\/36-1.jpg\",\"datePublished\":\"2026-04-27T09:40:20+00:00\",\"breadcrumb\":{\"@id\":\"https:\\\/\\\/antonquilesinmobiliaria.com\\\/property\\\/apartamento-muy-bien-ubicado-p2633\\\/#breadcrumb\"},\"inLanguage\":\"en-US\",\"potentialAction\":[{\"@type\":\"ReadAction\",\"target\":[\"https:\\\/\\\/antonquilesinmobiliaria.com\\\/property\\\/apartamento-muy-bien-ubicado-p2633\\\/\"]}]},{\"@type\":\"ImageObject\",\"inLanguage\":\"en-US\",\"@id\":\"https:\\\/\\\/antonquilesinmobiliaria.com\\\/property\\\/apartamento-muy-bien-ubicado-p2633\\\/#primaryimage\",\"url\":\"https:\\\/\\\/fotos15.apinmo.com\\\/7350\\\/28898390\\\/36-1.jpg\",\"contentUrl\":\"https:\\\/\\\/fotos15.apinmo.com\\\/7350\\\/28898390\\\/36-1.jpg\",\"width\":850,\"height\":426,\"caption\":\"Apartamento muy bien ubicado. - imagenInmueble0\"},{\"@type\":\"BreadcrumbList\",\"@id\":\"https:\\\/\\\/antonquilesinmobiliaria.com\\\/property\\\/apartamento-muy-bien-ubicado-p2633\\\/#breadcrumb\",\"itemListElement\":[{\"@type\":\"ListItem\",\"position\":1,\"name\":\"Portada\",\"item\":\"https:\\\/\\\/antonquilesinmobiliaria.com\\\/en\\\/\"},{\"@type\":\"ListItem\",\"position\":2,\"name\":\"Propiedades\",\"item\":\"https:\\\/\\\/antonquilesinmobiliaria.com\\\/property\\\/\"},{\"@type\":\"ListItem\",\"position\":3,\"name\":\"Apartamento muy bien ubicado. &#8211; p2633\"}]},{\"@type\":\"WebSite\",\"@id\":\"https:\\\/\\\/antonquilesinmobiliaria.com\\\/#website\",\"url\":\"https:\\\/\\\/antonquilesinmobiliaria.com\\\/\",\"name\":\"Ant\u00f3n Quiles Inmobiliaria\",\"description\":\"Servicios Inmobiliarios\",\"publisher\":{\"@id\":\"https:\\\/\\\/antonquilesinmobiliaria.com\\\/#organization\"},\"potentialAction\":[{\"@type\":\"SearchAction\",\"target\":{\"@type\":\"EntryPoint\",\"urlTemplate\":\"https:\\\/\\\/antonquilesinmobiliaria.com\\\/?s={search_term_string}\"},\"query-input\":{\"@type\":\"PropertyValueSpecification\",\"valueRequired\":true,\"valueName\":\"search_term_string\"}}],\"inLanguage\":\"en-US\"},{\"@type\":\"Organization\",\"@id\":\"https:\\\/\\\/antonquilesinmobiliaria.com\\\/#organization\",\"name\":\"Ant\u00f3n Quiles Servicios Inmobiliarios\",\"url\":\"https:\\\/\\\/antonquilesinmobiliaria.com\\\/\",\"logo\":{\"@type\":\"ImageObject\",\"inLanguage\":\"en-US\",\"@id\":\"https:\\\/\\\/antonquilesinmobiliaria.com\\\/#\\\/schema\\\/logo\\\/image\\\/\",\"url\":\"https:\\\/\\\/antonquilesinmobiliaria.com\\\/wp-content\\\/uploads\\\/2025\\\/11\\\/page_6.png\",\"contentUrl\":\"https:\\\/\\\/antonquilesinmobiliaria.com\\\/wp-content\\\/uploads\\\/2025\\\/11\\\/page_6.png\",\"width\":578,\"height\":342,\"caption\":\"Ant\u00f3n Quiles Servicios Inmobiliarios\"},\"image\":{\"@id\":\"https:\\\/\\\/antonquilesinmobiliaria.com\\\/#\\\/schema\\\/logo\\\/image\\\/\"},\"sameAs\":[\"https:\\\/\\\/www.facebook.com\\\/antonquilesinmobiliaria\\\/\"]}]}<\/script>\n<!-- \/ Yoast SEO plugin. -->","yoast_head_json":{"title":"Apartamento muy bien ubicado. - p2633 - Ant\u00f3n Quiles Inmobiliaria - Servicios Inmobiliarios","robots":{"index":"index","follow":"follow","max-snippet":"max-snippet:-1","max-image-preview":"max-image-preview:large","max-video-preview":"max-video-preview:-1"},"canonical":"https:\/\/antonquilesinmobiliaria.com\/property\/apartamento-muy-bien-ubicado-p2633\/","og_locale":"en_US","og_type":"article","og_title":"Apartamento muy bien ubicado. - p2633 - Ant\u00f3n Quiles Inmobiliaria - Servicios Inmobiliarios","og_description":"Descubre este magn\u00edfico piso disponible para alquiler en la zona del club n\u00e1utico. Con una superficie total construida de 105 m\u00b2 y \u00fatil de 95 m\u00b2, esta propiedad es ideal para quienes buscan comodidad y estilo. La vivienda cuenta con dos amplias habitaciones dobles y dos ba\u00f1os que satisfacen todas tus necesidades diarias. Su","og_url":"https:\/\/antonquilesinmobiliaria.com\/property\/apartamento-muy-bien-ubicado-p2633\/","og_site_name":"Ant\u00f3n Quiles Inmobiliaria - Servicios Inmobiliarios","article_publisher":"https:\/\/www.facebook.com\/antonquilesinmobiliaria\/","og_image":[{"width":850,"height":426,"url":"https:\/\/fotos15.apinmo.com\/7350\/28898390\/36-1.jpg","type":"image\/jpeg"}],"twitter_card":"summary_large_image","twitter_misc":{"Est. reading time":"1 minute"},"schema":{"@context":"https:\/\/schema.org","@graph":[{"@type":"WebPage","@id":"https:\/\/antonquilesinmobiliaria.com\/property\/apartamento-muy-bien-ubicado-p2633\/","url":"https:\/\/antonquilesinmobiliaria.com\/property\/apartamento-muy-bien-ubicado-p2633\/","name":"Apartamento muy bien ubicado. - p2633 - Ant\u00f3n Quiles Inmobiliaria - Servicios Inmobiliarios","isPartOf":{"@id":"https:\/\/antonquilesinmobiliaria.com\/#website"},"primaryImageOfPage":{"@id":"https:\/\/antonquilesinmobiliaria.com\/property\/apartamento-muy-bien-ubicado-p2633\/#primaryimage"},"image":{"@id":"https:\/\/antonquilesinmobiliaria.com\/property\/apartamento-muy-bien-ubicado-p2633\/#primaryimage"},"thumbnailUrl":"https:\/\/fotos15.apinmo.com\/7350\/28898390\/36-1.jpg","datePublished":"2026-04-27T09:40:20+00:00","breadcrumb":{"@id":"https:\/\/antonquilesinmobiliaria.com\/property\/apartamento-muy-bien-ubicado-p2633\/#breadcrumb"},"inLanguage":"en-US","potentialAction":[{"@type":"ReadAction","target":["https:\/\/antonquilesinmobiliaria.com\/property\/apartamento-muy-bien-ubicado-p2633\/"]}]},{"@type":"ImageObject","inLanguage":"en-US","@id":"https:\/\/antonquilesinmobiliaria.com\/property\/apartamento-muy-bien-ubicado-p2633\/#primaryimage","url":"https:\/\/fotos15.apinmo.com\/7350\/28898390\/36-1.jpg","contentUrl":"https:\/\/fotos15.apinmo.com\/7350\/28898390\/36-1.jpg","width":850,"height":426,"caption":"Apartamento muy bien ubicado. - imagenInmueble0"},{"@type":"BreadcrumbList","@id":"https:\/\/antonquilesinmobiliaria.com\/property\/apartamento-muy-bien-ubicado-p2633\/#breadcrumb","itemListElement":[{"@type":"ListItem","position":1,"name":"Portada","item":"https:\/\/antonquilesinmobiliaria.com\/en\/"},{"@type":"ListItem","position":2,"name":"Propiedades","item":"https:\/\/antonquilesinmobiliaria.com\/property\/"},{"@type":"ListItem","position":3,"name":"Apartamento muy bien ubicado. &#8211; p2633"}]},{"@type":"WebSite","@id":"https:\/\/antonquilesinmobiliaria.com\/#website","url":"https:\/\/antonquilesinmobiliaria.com\/","name":"Ant\u00f3n Quiles Inmobiliaria","description":"Servicios Inmobiliarios","publisher":{"@id":"https:\/\/antonquilesinmobiliaria.com\/#organization"},"potentialAction":[{"@type":"SearchAction","target":{"@type":"EntryPoint","urlTemplate":"https:\/\/antonquilesinmobiliaria.com\/?s={search_term_string}"},"query-input":{"@type":"PropertyValueSpecification","valueRequired":true,"valueName":"search_term_string"}}],"inLanguage":"en-US"},{"@type":"Organization","@id":"https:\/\/antonquilesinmobiliaria.com\/#organization","name":"Ant\u00f3n Quiles Servicios Inmobiliarios","url":"https:\/\/antonquilesinmobiliaria.com\/","logo":{"@type":"ImageObject","inLanguage":"en-US","@id":"https:\/\/antonquilesinmobiliaria.com\/#\/schema\/logo\/image\/","url":"https:\/\/antonquilesinmobiliaria.com\/wp-content\/uploads\/2025\/11\/page_6.png","contentUrl":"https:\/\/antonquilesinmobiliaria.com\/wp-content\/uploads\/2025\/11\/page_6.png","width":578,"height":342,"caption":"Ant\u00f3n Quiles Servicios Inmobiliarios"},"image":{"@id":"https:\/\/antonquilesinmobiliaria.com\/#\/schema\/logo\/image\/"},"sameAs":["https:\/\/www.facebook.com\/antonquilesinmobiliaria\/"]}]}},"_links":{"self":[{"href":"https:\/\/antonquilesinmobiliaria.com\/en\/wp-json\/wp\/v2\/properties\/4689828","targetHints":{"allow":["GET"]}}],"collection":[{"href":"https:\/\/antonquilesinmobiliaria.com\/en\/wp-json\/wp\/v2\/properties"}],"about":[{"href":"https:\/\/antonquilesinmobiliaria.com\/en\/wp-json\/wp\/v2\/types\/property"}],"author":[{"embeddable":true,"href":"https:\/\/antonquilesinmobiliaria.com\/en\/wp-json\/wp\/v2\/users\/2"}],"version-history":[{"count":0,"href":"https:\/\/antonquilesinmobiliaria.com\/en\/wp-json\/wp\/v2\/properties\/4689828\/revisions"}],"wp:featuredmedia":[{"embeddable":true,"href":"https:\/\/antonquilesinmobiliaria.com\/en\/wp-json\/wp\/v2\/media\/4689832"}],"wp:attachment":[{"href":"https:\/\/antonquilesinmobiliaria.com\/en\/wp-json\/wp\/v2\/media?parent=4689828"}],"wp:term":[{"taxonomy":"property_type","embeddable":true,"href":"https:\/\/antonquilesinmobiliaria.com\/en\/wp-json\/wp\/v2\/property_type?post=4689828"},{"taxonomy":"property_status","embeddable":true,"href":"https:\/\/antonquilesinmobiliaria.com\/en\/wp-json\/wp\/v2\/property_status?post=4689828"},{"taxonomy":"property_feature","embeddable":true,"href":"https:\/\/antonquilesinmobiliaria.com\/en\/wp-json\/wp\/v2\/property_feature?post=4689828"},{"taxonomy":"property_label","embeddable":true,"href":"https:\/\/antonquilesinmobiliaria.com\/en\/wp-json\/wp\/v2\/property_label?post=4689828"},{"taxonomy":"property_country","embeddable":true,"href":"https:\/\/antonquilesinmobiliaria.com\/en\/wp-json\/wp\/v2\/property_country?post=4689828"},{"taxonomy":"property_state","embeddable":true,"href":"https:\/\/antonquilesinmobiliaria.com\/en\/wp-json\/wp\/v2\/property_state?post=4689828"},{"taxonomy":"property_city","embeddable":true,"href":"https:\/\/antonquilesinmobiliaria.com\/en\/wp-json\/wp\/v2\/property_city?post=4689828"},{"taxonomy":"property_area","embeddable":true,"href":"https:\/\/antonquilesinmobiliaria.com\/en\/wp-json\/wp\/v2\/property_area?post=4689828"}],"curies":[{"name":"wp","href":"https:\/\/api.w.org\/{rel}","templated":true}]}}