{"id":4689925,"date":"2026-04-28T12:20:55","date_gmt":"2026-04-28T12:20:55","guid":{"rendered":"https:\/\/antonquilesinmobiliaria.com\/w6\/antonquiles\/inmueble\/venta\/chalet\/alicante\/santa-pola\/p2635\/"},"modified":"2026-04-28T12:20:55","modified_gmt":"2026-04-28T12:20:55","slug":"espectacular-chalet-en-montesol-aspe-p2635-en","status":"publish","type":"property","link":"https:\/\/antonquilesinmobiliaria.com\/en\/property\/espectacular-chalet-en-montesol-aspe-p2635-en\/","title":{"rendered":"Espectacular Chalet en Montesol, Aspe &#8211; p2635"},"content":{"rendered":"<p>\u00bfBuscas el hogar perfecto para tu familia? <br \/>Te presentamos este impresionante chalet combina la independencia de una casa de campo  ubicada en la tranquila zona de Montesol, Aspe.<\/p>\n<p>Este chalet cuenta con una amplia superficie construida de 400 m\u00b2 y \u00fatil de 350 m\u00b2 sobre un extenso terreno vallado de 1200 m\u00b2. Orientaci\u00f3n sur que garantiza luminosidad durante todo el d\u00eda. Consta de cuatro habitaciones dobles cuidadosamente dise\u00f1adas para ofrecer comodidad y privacidad; adem\u00e1s dispone de dos ba\u00f1os completos y un aseo adicional. La vivienda destaca por sus materiales constructivos de alta calidad e incluye lujosos extras como hidromasaje, jard\u00edn, terraza ideal para disfrutar del clima mediterr\u00e1neo perfecto para relajarse al aire libre. Tambi\u00e9n ofrece comodidades modernas incluyendo video portero, despensa y vestidor funcional junto a m\u00faltiples \u00e1reas adicionales como trastero o galer\u00eda cerrada que a\u00f1aden valor pr\u00e1ctico a la vida cotidiana. A solo 25 km del mar Mediterr\u00e1neo permite disfrutar tanto del entorno natural como urbano gracias a su proximidad al transporte p\u00fablico cercano.<\/p>\n<p> A QUE ESPERAS.<br \/> INF\u00d3RMATE.<\/p>\n","protected":false},"excerpt":{"rendered":"<p>\u00bfBuscas el hogar perfecto para tu familia? ~Te presentamos este impresionante chalet combina la independencia de una casa de campo  ubicada en la tranquila zona de Montesol, Aspe.~~Este chalet cuenta con una amplia superficie construida de 400 m\u00b2 y \u00fatil de 350 m\u00b2 sobre un extenso terreno vallado de 1200 m\u00b2. Orientaci\u00f3n sur que <\/p>\n","protected":false},"author":2,"featured_media":4689929,"parent":0,"menu_order":0,"template":"","property_type":[110],"property_status":[74],"property_feature":[86,147,162,171,150,89,141,241,119,77,153,95,113,80,348],"property_label":[264],"property_country":[],"property_state":[104],"property_city":[],"property_area":[],"class_list":["post-4689925","property","type-property","status-publish","has-post-thumbnail","hentry","property_type-villa","property_status-sale","property_feature-air-conditioning","property_feature-chimney","property_feature-exterior-overlooking","property_feature-furniture","property_feature-gallery-en","property_feature-garden","property_feature-heating","property_feature-jacuzzi","property_feature-laundry","property_feature-parking-en","property_feature-peephole","property_feature-reinforced-door","property_feature-storage-room","property_feature-terrace","property_feature-water-tank","property_label-resale","property_state-alicante"],"property_meta":{"fave_agent":["4673329"],"fave_agents":["4673329"],"fave_agent_display_option":["agent_info"],"property_agent":["19179"],"custom_permalink":["inmueble\/venta\/chalet\/alicante\/santa-pola\/p2635\/"],"_thumbnail_id":["4689929"],"post_id":["Array"],"original_author":["2"],"_edit_lock":["1604137107:1"],"_edit_last":["1"],"fave_property_map_street_view":["show"],"fave_payment_status":["not_paid"],"fave_single_top_area":["global"],"fave_single_content_area":["global"],"houzez_manual_expire":["0"],"fave_property_size_prefix":["m&sup2;"],"fave_property_map":["1"],"fave_additional_features_enable":["disable"],"fave_floor_plans_enable":["disable"],"fave_multiunit_plans_enable":["disable"],"fave_prop_homeslider":["no"],"fave_featured":["0"],"fave_property_address":[",Alicante"],"fave_property_zip":["03680"],"houzez_geolocation_lat":["38.314503102793"],"houzez_geolocation_long":["-0.74988337028535"],"fave_property_location":["38.314503102793,-0.74988337028535"],"fave_property_country":["ES"],"fave_property_map_address":[",Alicante,Spain"],"fave_comunidadimporte":["0"],"fave_comunidadincluida":["0"],"fave_conservacion":["Buen estado"],"fave_orientacion":["Sureste"],"fave_carpinteriainterior":["Madera"],"fave_carpinteriaexterior":["Aluminio"],"fave_tiposuelo":["Climalit"],"fave_vistas":[""],"additional_features":["a:5:{i:0;a:2:{s:29:\"fave_additional_feature_title\";s:12:\"Carpinter\u00eda\";s:29:\"fave_additional_feature_value\";s:6:\"Madera\";}i:1;a:2:{s:29:\"fave_additional_feature_title\";s:21:\"Carpinter\u00eda exterior\";s:29:\"fave_additional_feature_value\";s:8:\"Aluminio\";}i:2;a:2:{s:29:\"fave_additional_feature_title\";s:6:\"Estado\";s:29:\"fave_additional_feature_value\";s:11:\"Buen estado\";}i:3;a:2:{s:29:\"fave_additional_feature_title\";s:6:\"Vistas\";s:29:\"fave_additional_feature_value\";s:0:\"\";}i:4;a:2:{s:29:\"fave_additional_feature_title\";s:11:\"Orientacion\";s:29:\"fave_additional_feature_value\";s:7:\"Sureste\";}}"],"referencia":["p2635"],"fave_property_id":["p2635"],"fave_property_bedrooms":["4"],"fave_property_bathrooms":["2"],"fave_property_garage":["1"],"fave_property_land":["1200"],"ave_property_land_postfix":["m&sup2;"],"fave_property_size":["390"],"fave_property_year":["2006"],"fave_energy_global_index":["0 kWh\/m&sup2; \/1234.99 Kg CO2\/m&sup2;"],"fave_energy_class":["N"],"estate_attr_energy_class":["Tramitando..."],"REAL_HOMES_property_emisiones":["1234.99"],"REAL_HOMES_property_consumo":["0"],"REAL_HOMES_property_letra":["N"],"estate_video":[""],"fave_video_url":["https:\/\/www.youtube.com\/watch?v=nEaB8i99iGE"],"fave_video_image":["https:\/\/fotos15.apinmo.com\/7350\/28914660\/17-1.jpg"],"fave_virtual_tour":[""],"vendidoInmueble":[""],"fave_property_price":["350000"],"fave_property_price_postfix":[""],"fave_property_images":["4689929","4689930","4689931","4689932","4689933","4689934","4689935","4689936","4689937","4689938","4689939","4689940","4689941","4689942","4689943","4689944","4689945","4689946","4689947","4689948","4689949","4689950","4689951","4689952","4689953","4689954","4689955","4689956","4689957","4689958","4689959","4689960","4689961","4689962","4689963","4689964","4689965","4689966","4689967","4689968","4689969","4689970","4689971","4689972","4689973","4689974","4689975","4689976","4689977","4689978","4689979","4689980","4689981","4689982","4689983","4689984","4689985","4689986","4689987","4689988","4689989"],"houzez_total_property_views":["4"],"houzez_views_by_date":["a:2:{s:10:\"04-30-2026\";i:3;s:10:\"05-01-2026\";i:1;}"],"houzez_recently_viewed":["2026-05-01 03:06:33"],"_elementor_page_assets":["a:0:{}"]},"yoast_head":"<!-- This site is optimized with the Yoast SEO plugin v27.4 - https:\/\/yoast.com\/product\/yoast-seo-wordpress\/ -->\n<title>Espectacular Chalet en Montesol, Aspe - p2635 - Ant\u00f3n Quiles Inmobiliaria - Servicios Inmobiliarios<\/title>\n<meta name=\"robots\" content=\"index, follow, max-snippet:-1, max-image-preview:large, max-video-preview:-1\" \/>\n<link rel=\"canonical\" href=\"https:\/\/antonquilesinmobiliaria.com\/property\/espectacular-chalet-en-montesol-aspe-p2635\/\" \/>\n<meta property=\"og:locale\" content=\"en_US\" \/>\n<meta property=\"og:type\" content=\"article\" \/>\n<meta property=\"og:title\" content=\"Espectacular Chalet en Montesol, Aspe - p2635 - Ant\u00f3n Quiles Inmobiliaria - Servicios Inmobiliarios\" \/>\n<meta property=\"og:description\" content=\"\u00bfBuscas el hogar perfecto para tu familia? ~Te presentamos este impresionante chalet combina la independencia de una casa de campo ubicada en la tranquila zona de Montesol, Aspe.~~Este chalet cuenta con una amplia superficie construida de 400 m\u00b2 y \u00fatil de 350 m\u00b2 sobre un extenso terreno vallado de 1200 m\u00b2. Orientaci\u00f3n sur que\" \/>\n<meta property=\"og:url\" content=\"https:\/\/antonquilesinmobiliaria.com\/property\/espectacular-chalet-en-montesol-aspe-p2635\/\" \/>\n<meta property=\"og:site_name\" content=\"Ant\u00f3n Quiles Inmobiliaria - Servicios Inmobiliarios\" \/>\n<meta property=\"article:publisher\" content=\"https:\/\/www.facebook.com\/antonquilesinmobiliaria\/\" \/>\n<meta property=\"og:image\" content=\"https:\/\/fotos15.apinmo.com\/7350\/28914660\/17-1.jpg\" \/>\n\t<meta property=\"og:image:width\" content=\"850\" \/>\n\t<meta property=\"og:image:height\" content=\"426\" \/>\n\t<meta property=\"og:image:type\" content=\"image\/jpeg\" \/>\n<meta name=\"twitter:card\" content=\"summary_large_image\" \/>\n<meta name=\"twitter:label1\" content=\"Est. reading time\" \/>\n\t<meta name=\"twitter:data1\" content=\"1 minute\" \/>\n<script type=\"application\/ld+json\" class=\"yoast-schema-graph\">{\"@context\":\"https:\\\/\\\/schema.org\",\"@graph\":[{\"@type\":\"WebPage\",\"@id\":\"https:\\\/\\\/antonquilesinmobiliaria.com\\\/property\\\/espectacular-chalet-en-montesol-aspe-p2635\\\/\",\"url\":\"https:\\\/\\\/antonquilesinmobiliaria.com\\\/property\\\/espectacular-chalet-en-montesol-aspe-p2635\\\/\",\"name\":\"Espectacular Chalet en Montesol, Aspe - p2635 - Ant\u00f3n Quiles Inmobiliaria - Servicios Inmobiliarios\",\"isPartOf\":{\"@id\":\"https:\\\/\\\/antonquilesinmobiliaria.com\\\/#website\"},\"primaryImageOfPage\":{\"@id\":\"https:\\\/\\\/antonquilesinmobiliaria.com\\\/property\\\/espectacular-chalet-en-montesol-aspe-p2635\\\/#primaryimage\"},\"image\":{\"@id\":\"https:\\\/\\\/antonquilesinmobiliaria.com\\\/property\\\/espectacular-chalet-en-montesol-aspe-p2635\\\/#primaryimage\"},\"thumbnailUrl\":\"https:\\\/\\\/fotos15.apinmo.com\\\/7350\\\/28914660\\\/17-1.jpg\",\"datePublished\":\"2026-04-28T12:20:55+00:00\",\"breadcrumb\":{\"@id\":\"https:\\\/\\\/antonquilesinmobiliaria.com\\\/property\\\/espectacular-chalet-en-montesol-aspe-p2635\\\/#breadcrumb\"},\"inLanguage\":\"en-US\",\"potentialAction\":[{\"@type\":\"ReadAction\",\"target\":[\"https:\\\/\\\/antonquilesinmobiliaria.com\\\/property\\\/espectacular-chalet-en-montesol-aspe-p2635\\\/\"]}]},{\"@type\":\"ImageObject\",\"inLanguage\":\"en-US\",\"@id\":\"https:\\\/\\\/antonquilesinmobiliaria.com\\\/property\\\/espectacular-chalet-en-montesol-aspe-p2635\\\/#primaryimage\",\"url\":\"https:\\\/\\\/fotos15.apinmo.com\\\/7350\\\/28914660\\\/17-1.jpg\",\"contentUrl\":\"https:\\\/\\\/fotos15.apinmo.com\\\/7350\\\/28914660\\\/17-1.jpg\",\"width\":850,\"height\":426,\"caption\":\"Espectacular chalet en montesol, aspe - imagenInmueble0\"},{\"@type\":\"BreadcrumbList\",\"@id\":\"https:\\\/\\\/antonquilesinmobiliaria.com\\\/property\\\/espectacular-chalet-en-montesol-aspe-p2635\\\/#breadcrumb\",\"itemListElement\":[{\"@type\":\"ListItem\",\"position\":1,\"name\":\"Portada\",\"item\":\"https:\\\/\\\/antonquilesinmobiliaria.com\\\/en\\\/\"},{\"@type\":\"ListItem\",\"position\":2,\"name\":\"Propiedades\",\"item\":\"https:\\\/\\\/antonquilesinmobiliaria.com\\\/property\\\/\"},{\"@type\":\"ListItem\",\"position\":3,\"name\":\"Espectacular Chalet en Montesol, Aspe &#8211; p2635\"}]},{\"@type\":\"WebSite\",\"@id\":\"https:\\\/\\\/antonquilesinmobiliaria.com\\\/#website\",\"url\":\"https:\\\/\\\/antonquilesinmobiliaria.com\\\/\",\"name\":\"Ant\u00f3n Quiles Inmobiliaria\",\"description\":\"Servicios Inmobiliarios\",\"publisher\":{\"@id\":\"https:\\\/\\\/antonquilesinmobiliaria.com\\\/#organization\"},\"potentialAction\":[{\"@type\":\"SearchAction\",\"target\":{\"@type\":\"EntryPoint\",\"urlTemplate\":\"https:\\\/\\\/antonquilesinmobiliaria.com\\\/?s={search_term_string}\"},\"query-input\":{\"@type\":\"PropertyValueSpecification\",\"valueRequired\":true,\"valueName\":\"search_term_string\"}}],\"inLanguage\":\"en-US\"},{\"@type\":\"Organization\",\"@id\":\"https:\\\/\\\/antonquilesinmobiliaria.com\\\/#organization\",\"name\":\"Ant\u00f3n Quiles Servicios Inmobiliarios\",\"url\":\"https:\\\/\\\/antonquilesinmobiliaria.com\\\/\",\"logo\":{\"@type\":\"ImageObject\",\"inLanguage\":\"en-US\",\"@id\":\"https:\\\/\\\/antonquilesinmobiliaria.com\\\/#\\\/schema\\\/logo\\\/image\\\/\",\"url\":\"https:\\\/\\\/antonquilesinmobiliaria.com\\\/wp-content\\\/uploads\\\/2025\\\/11\\\/page_6.png\",\"contentUrl\":\"https:\\\/\\\/antonquilesinmobiliaria.com\\\/wp-content\\\/uploads\\\/2025\\\/11\\\/page_6.png\",\"width\":578,\"height\":342,\"caption\":\"Ant\u00f3n Quiles Servicios Inmobiliarios\"},\"image\":{\"@id\":\"https:\\\/\\\/antonquilesinmobiliaria.com\\\/#\\\/schema\\\/logo\\\/image\\\/\"},\"sameAs\":[\"https:\\\/\\\/www.facebook.com\\\/antonquilesinmobiliaria\\\/\"]}]}<\/script>\n<!-- \/ Yoast SEO plugin. -->","yoast_head_json":{"title":"Espectacular Chalet en Montesol, Aspe - p2635 - Ant\u00f3n Quiles Inmobiliaria - Servicios Inmobiliarios","robots":{"index":"index","follow":"follow","max-snippet":"max-snippet:-1","max-image-preview":"max-image-preview:large","max-video-preview":"max-video-preview:-1"},"canonical":"https:\/\/antonquilesinmobiliaria.com\/property\/espectacular-chalet-en-montesol-aspe-p2635\/","og_locale":"en_US","og_type":"article","og_title":"Espectacular Chalet en Montesol, Aspe - p2635 - Ant\u00f3n Quiles Inmobiliaria - Servicios Inmobiliarios","og_description":"\u00bfBuscas el hogar perfecto para tu familia? ~Te presentamos este impresionante chalet combina la independencia de una casa de campo ubicada en la tranquila zona de Montesol, Aspe.~~Este chalet cuenta con una amplia superficie construida de 400 m\u00b2 y \u00fatil de 350 m\u00b2 sobre un extenso terreno vallado de 1200 m\u00b2. Orientaci\u00f3n sur que","og_url":"https:\/\/antonquilesinmobiliaria.com\/property\/espectacular-chalet-en-montesol-aspe-p2635\/","og_site_name":"Ant\u00f3n Quiles Inmobiliaria - Servicios Inmobiliarios","article_publisher":"https:\/\/www.facebook.com\/antonquilesinmobiliaria\/","og_image":[{"width":850,"height":426,"url":"https:\/\/fotos15.apinmo.com\/7350\/28914660\/17-1.jpg","type":"image\/jpeg"}],"twitter_card":"summary_large_image","twitter_misc":{"Est. reading time":"1 minute"},"schema":{"@context":"https:\/\/schema.org","@graph":[{"@type":"WebPage","@id":"https:\/\/antonquilesinmobiliaria.com\/property\/espectacular-chalet-en-montesol-aspe-p2635\/","url":"https:\/\/antonquilesinmobiliaria.com\/property\/espectacular-chalet-en-montesol-aspe-p2635\/","name":"Espectacular Chalet en Montesol, Aspe - p2635 - Ant\u00f3n Quiles Inmobiliaria - Servicios Inmobiliarios","isPartOf":{"@id":"https:\/\/antonquilesinmobiliaria.com\/#website"},"primaryImageOfPage":{"@id":"https:\/\/antonquilesinmobiliaria.com\/property\/espectacular-chalet-en-montesol-aspe-p2635\/#primaryimage"},"image":{"@id":"https:\/\/antonquilesinmobiliaria.com\/property\/espectacular-chalet-en-montesol-aspe-p2635\/#primaryimage"},"thumbnailUrl":"https:\/\/fotos15.apinmo.com\/7350\/28914660\/17-1.jpg","datePublished":"2026-04-28T12:20:55+00:00","breadcrumb":{"@id":"https:\/\/antonquilesinmobiliaria.com\/property\/espectacular-chalet-en-montesol-aspe-p2635\/#breadcrumb"},"inLanguage":"en-US","potentialAction":[{"@type":"ReadAction","target":["https:\/\/antonquilesinmobiliaria.com\/property\/espectacular-chalet-en-montesol-aspe-p2635\/"]}]},{"@type":"ImageObject","inLanguage":"en-US","@id":"https:\/\/antonquilesinmobiliaria.com\/property\/espectacular-chalet-en-montesol-aspe-p2635\/#primaryimage","url":"https:\/\/fotos15.apinmo.com\/7350\/28914660\/17-1.jpg","contentUrl":"https:\/\/fotos15.apinmo.com\/7350\/28914660\/17-1.jpg","width":850,"height":426,"caption":"Espectacular chalet en montesol, aspe - imagenInmueble0"},{"@type":"BreadcrumbList","@id":"https:\/\/antonquilesinmobiliaria.com\/property\/espectacular-chalet-en-montesol-aspe-p2635\/#breadcrumb","itemListElement":[{"@type":"ListItem","position":1,"name":"Portada","item":"https:\/\/antonquilesinmobiliaria.com\/en\/"},{"@type":"ListItem","position":2,"name":"Propiedades","item":"https:\/\/antonquilesinmobiliaria.com\/property\/"},{"@type":"ListItem","position":3,"name":"Espectacular Chalet en Montesol, Aspe &#8211; p2635"}]},{"@type":"WebSite","@id":"https:\/\/antonquilesinmobiliaria.com\/#website","url":"https:\/\/antonquilesinmobiliaria.com\/","name":"Ant\u00f3n Quiles Inmobiliaria","description":"Servicios Inmobiliarios","publisher":{"@id":"https:\/\/antonquilesinmobiliaria.com\/#organization"},"potentialAction":[{"@type":"SearchAction","target":{"@type":"EntryPoint","urlTemplate":"https:\/\/antonquilesinmobiliaria.com\/?s={search_term_string}"},"query-input":{"@type":"PropertyValueSpecification","valueRequired":true,"valueName":"search_term_string"}}],"inLanguage":"en-US"},{"@type":"Organization","@id":"https:\/\/antonquilesinmobiliaria.com\/#organization","name":"Ant\u00f3n Quiles Servicios Inmobiliarios","url":"https:\/\/antonquilesinmobiliaria.com\/","logo":{"@type":"ImageObject","inLanguage":"en-US","@id":"https:\/\/antonquilesinmobiliaria.com\/#\/schema\/logo\/image\/","url":"https:\/\/antonquilesinmobiliaria.com\/wp-content\/uploads\/2025\/11\/page_6.png","contentUrl":"https:\/\/antonquilesinmobiliaria.com\/wp-content\/uploads\/2025\/11\/page_6.png","width":578,"height":342,"caption":"Ant\u00f3n Quiles Servicios Inmobiliarios"},"image":{"@id":"https:\/\/antonquilesinmobiliaria.com\/#\/schema\/logo\/image\/"},"sameAs":["https:\/\/www.facebook.com\/antonquilesinmobiliaria\/"]}]}},"_links":{"self":[{"href":"https:\/\/antonquilesinmobiliaria.com\/en\/wp-json\/wp\/v2\/properties\/4689925","targetHints":{"allow":["GET"]}}],"collection":[{"href":"https:\/\/antonquilesinmobiliaria.com\/en\/wp-json\/wp\/v2\/properties"}],"about":[{"href":"https:\/\/antonquilesinmobiliaria.com\/en\/wp-json\/wp\/v2\/types\/property"}],"author":[{"embeddable":true,"href":"https:\/\/antonquilesinmobiliaria.com\/en\/wp-json\/wp\/v2\/users\/2"}],"version-history":[{"count":0,"href":"https:\/\/antonquilesinmobiliaria.com\/en\/wp-json\/wp\/v2\/properties\/4689925\/revisions"}],"wp:featuredmedia":[{"embeddable":true,"href":"https:\/\/antonquilesinmobiliaria.com\/en\/wp-json\/wp\/v2\/media\/4689929"}],"wp:attachment":[{"href":"https:\/\/antonquilesinmobiliaria.com\/en\/wp-json\/wp\/v2\/media?parent=4689925"}],"wp:term":[{"taxonomy":"property_type","embeddable":true,"href":"https:\/\/antonquilesinmobiliaria.com\/en\/wp-json\/wp\/v2\/property_type?post=4689925"},{"taxonomy":"property_status","embeddable":true,"href":"https:\/\/antonquilesinmobiliaria.com\/en\/wp-json\/wp\/v2\/property_status?post=4689925"},{"taxonomy":"property_feature","embeddable":true,"href":"https:\/\/antonquilesinmobiliaria.com\/en\/wp-json\/wp\/v2\/property_feature?post=4689925"},{"taxonomy":"property_label","embeddable":true,"href":"https:\/\/antonquilesinmobiliaria.com\/en\/wp-json\/wp\/v2\/property_label?post=4689925"},{"taxonomy":"property_country","embeddable":true,"href":"https:\/\/antonquilesinmobiliaria.com\/en\/wp-json\/wp\/v2\/property_country?post=4689925"},{"taxonomy":"property_state","embeddable":true,"href":"https:\/\/antonquilesinmobiliaria.com\/en\/wp-json\/wp\/v2\/property_state?post=4689925"},{"taxonomy":"property_city","embeddable":true,"href":"https:\/\/antonquilesinmobiliaria.com\/en\/wp-json\/wp\/v2\/property_city?post=4689925"},{"taxonomy":"property_area","embeddable":true,"href":"https:\/\/antonquilesinmobiliaria.com\/en\/wp-json\/wp\/v2\/property_area?post=4689925"}],"curies":[{"name":"wp","href":"https:\/\/api.w.org\/{rel}","templated":true}]}}